{"id":2,"date":"2019-02-10T03:48:21","date_gmt":"2019-02-10T03:48:21","guid":{"rendered":"http:\/\/vs-comserv.de\/?page_id=2"},"modified":"2021-10-06T09:22:00","modified_gmt":"2021-10-06T09:22:00","slug":"sample-page","status":"publish","type":"page","link":"https:\/\/www.vs-comserv.de\/","title":{"rendered":"Willkommen beim IT-Service in Bad Schwartau"},"content":{"rendered":"<p>Dienstleister f\u00fcr Ihre IT Umgebung seit 1994<\/p>\n<p>Service vor Ort und nat\u00fcrlich auch per Fernwartung<br \/>Kompetenter Service zu\u00a0fairen Preisen<\/p>\n<p><i><a href=\"https:\/\/www.vs-comserv.de\/?page_id=65\">Service f\u00fcr Firmenkunden<\/a><\/i><\/p>\n<p><i><a href=\"https:\/\/www.vs-comserv.de\/?page_id=76\">Service f\u00fcr Privatkunden<\/a><\/i><\/p>\n<p><em>Nehmen Sie doch einfach\u00a0<a href=\"https:\/\/www.vs-comserv.de\/?page_id=46\">Kontakt<\/a>\u00a0mit uns auf.<\/em><\/p>\n\n\n<p><\/p>\n","protected":false},"excerpt":{"rendered":"<p>Dienstleister f\u00fcr Ihre IT Umgebung seit 1994 Service vor Ort und nat\u00fcrlich auch per FernwartungKompetenter Service zu\u00a0fairen Preisen Service f\u00fcr Firmenkunden Service f\u00fcr Privatkunden Nehmen Sie doch einfach\u00a0Kontakt\u00a0mit uns auf.<\/p>\n","protected":false},"author":1,"featured_media":0,"parent":0,"menu_order":0,"comment_status":"closed","ping_status":"open","template":"","meta":{"footnotes":""},"yoast_head":"<!-- This site is optimized with the Yoast SEO plugin v21.5 - https:\/\/yoast.com\/wordpress\/plugins\/seo\/ -->\n<title>Willkommen beim IT-Service in Bad Schwartau &#060; schnell und zuverl\u00e4ssig<\/title>\n<meta name=\"robots\" content=\"index, follow, max-snippet:-1, max-image-preview:large, max-video-preview:-1\" \/>\n<link rel=\"canonical\" href=\"https:\/\/www.vs-comserv.de\/\" \/>\n<meta property=\"og:locale\" content=\"de_DE\" \/>\n<meta property=\"og:type\" content=\"article\" \/>\n<meta property=\"og:title\" content=\"Willkommen beim IT-Service in Bad Schwartau &#060; schnell und zuverl\u00e4ssig\" \/>\n<meta property=\"og:description\" content=\"Dienstleister f\u00fcr Ihre IT Umgebung seit 1994 Service vor Ort und nat\u00fcrlich auch per FernwartungKompetenter Service zu\u00a0fairen Preisen Service f\u00fcr Firmenkunden Service f\u00fcr Privatkunden Nehmen Sie doch einfach\u00a0Kontakt\u00a0mit uns auf.\" \/>\n<meta property=\"og:url\" content=\"https:\/\/www.vs-comserv.de\/\" \/>\n<meta property=\"og:site_name\" content=\"schnell und zuverl\u00e4ssig\" \/>\n<meta property=\"article:modified_time\" content=\"2021-10-06T09:22:00+00:00\" \/>\n<meta name=\"twitter:card\" content=\"summary_large_image\" \/>\n<meta name=\"twitter:label1\" content=\"Gesch\u00e4tzte Lesezeit\" \/>\n\t<meta name=\"twitter:data1\" content=\"1\u00a0Minute\" \/>\n<script type=\"application\/ld+json\" class=\"yoast-schema-graph\">{\"@context\":\"https:\/\/schema.org\",\"@graph\":[{\"@type\":\"WebPage\",\"@id\":\"https:\/\/www.vs-comserv.de\/\",\"url\":\"https:\/\/www.vs-comserv.de\/\",\"name\":\"Willkommen beim IT-Service in Bad Schwartau &#060; schnell und zuverl\u00e4ssig\",\"isPartOf\":{\"@id\":\"https:\/\/www.vs-comserv.de\/#website\"},\"datePublished\":\"2019-02-10T03:48:21+00:00\",\"dateModified\":\"2021-10-06T09:22:00+00:00\",\"breadcrumb\":{\"@id\":\"https:\/\/www.vs-comserv.de\/#breadcrumb\"},\"inLanguage\":\"de\",\"potentialAction\":[{\"@type\":\"ReadAction\",\"target\":[\"https:\/\/www.vs-comserv.de\/\"]}]},{\"@type\":\"BreadcrumbList\",\"@id\":\"https:\/\/www.vs-comserv.de\/#breadcrumb\",\"itemListElement\":[{\"@type\":\"ListItem\",\"position\":1,\"name\":\"Startseite\",\"item\":\"https:\/\/www.vs-comserv.de\/\"},{\"@type\":\"ListItem\",\"position\":2,\"name\":\"Willkommen beim IT-Service in Bad Schwartau\"}]},{\"@type\":\"WebSite\",\"@id\":\"https:\/\/www.vs-comserv.de\/#website\",\"url\":\"https:\/\/www.vs-comserv.de\/\",\"name\":\"IT-Service schnell und zuverl\u00e4ssig\",\"description\":\"\",\"potentialAction\":[{\"@type\":\"SearchAction\",\"target\":{\"@type\":\"EntryPoint\",\"urlTemplate\":\"https:\/\/www.vs-comserv.de\/?s={search_term_string}\"},\"query-input\":\"required name=search_term_string\"}],\"inLanguage\":\"de\"}]}<\/script>\n<!-- \/ Yoast SEO plugin. -->","yoast_head_json":{"title":"Willkommen beim IT-Service in Bad Schwartau &#060; schnell und zuverl\u00e4ssig","robots":{"index":"index","follow":"follow","max-snippet":"max-snippet:-1","max-image-preview":"max-image-preview:large","max-video-preview":"max-video-preview:-1"},"canonical":"https:\/\/www.vs-comserv.de\/","og_locale":"de_DE","og_type":"article","og_title":"Willkommen beim IT-Service in Bad Schwartau &#060; schnell und zuverl\u00e4ssig","og_description":"Dienstleister f\u00fcr Ihre IT Umgebung seit 1994 Service vor Ort und nat\u00fcrlich auch per FernwartungKompetenter Service zu\u00a0fairen Preisen Service f\u00fcr Firmenkunden Service f\u00fcr Privatkunden Nehmen Sie doch einfach\u00a0Kontakt\u00a0mit uns auf.","og_url":"https:\/\/www.vs-comserv.de\/","og_site_name":"schnell und zuverl\u00e4ssig","article_modified_time":"2021-10-06T09:22:00+00:00","twitter_card":"summary_large_image","twitter_misc":{"Gesch\u00e4tzte Lesezeit":"1\u00a0Minute"},"schema":{"@context":"https:\/\/schema.org","@graph":[{"@type":"WebPage","@id":"https:\/\/www.vs-comserv.de\/","url":"https:\/\/www.vs-comserv.de\/","name":"Willkommen beim IT-Service in Bad Schwartau &#060; schnell und zuverl\u00e4ssig","isPartOf":{"@id":"https:\/\/www.vs-comserv.de\/#website"},"datePublished":"2019-02-10T03:48:21+00:00","dateModified":"2021-10-06T09:22:00+00:00","breadcrumb":{"@id":"https:\/\/www.vs-comserv.de\/#breadcrumb"},"inLanguage":"de","potentialAction":[{"@type":"ReadAction","target":["https:\/\/www.vs-comserv.de\/"]}]},{"@type":"BreadcrumbList","@id":"https:\/\/www.vs-comserv.de\/#breadcrumb","itemListElement":[{"@type":"ListItem","position":1,"name":"Startseite","item":"https:\/\/www.vs-comserv.de\/"},{"@type":"ListItem","position":2,"name":"Willkommen beim IT-Service in Bad Schwartau"}]},{"@type":"WebSite","@id":"https:\/\/www.vs-comserv.de\/#website","url":"https:\/\/www.vs-comserv.de\/","name":"IT-Service schnell und zuverl\u00e4ssig","description":"","potentialAction":[{"@type":"SearchAction","target":{"@type":"EntryPoint","urlTemplate":"https:\/\/www.vs-comserv.de\/?s={search_term_string}"},"query-input":"required name=search_term_string"}],"inLanguage":"de"}]}},"_links":{"self":[{"href":"https:\/\/www.vs-comserv.de\/index.php?rest_route=\/wp\/v2\/pages\/2"}],"collection":[{"href":"https:\/\/www.vs-comserv.de\/index.php?rest_route=\/wp\/v2\/pages"}],"about":[{"href":"https:\/\/www.vs-comserv.de\/index.php?rest_route=\/wp\/v2\/types\/page"}],"author":[{"embeddable":true,"href":"https:\/\/www.vs-comserv.de\/index.php?rest_route=\/wp\/v2\/users\/1"}],"replies":[{"embeddable":true,"href":"https:\/\/www.vs-comserv.de\/index.php?rest_route=%2Fwp%2Fv2%2Fcomments&post=2"}],"version-history":[{"count":22,"href":"https:\/\/www.vs-comserv.de\/index.php?rest_route=\/wp\/v2\/pages\/2\/revisions"}],"predecessor-version":[{"id":144,"href":"https:\/\/www.vs-comserv.de\/index.php?rest_route=\/wp\/v2\/pages\/2\/revisions\/144"}],"wp:attachment":[{"href":"https:\/\/www.vs-comserv.de\/index.php?rest_route=%2Fwp%2Fv2%2Fmedia&parent=2"}],"curies":[{"name":"wp","href":"https:\/\/api.w.org\/{rel}","templated":true}]}}